{"id":3995,"date":"2024-01-15T16:36:53","date_gmt":"2024-01-15T15:36:53","guid":{"rendered":"https:\/\/cinelefoyer.fr\/?page_id=3995"},"modified":"2025-08-23T14:12:31","modified_gmt":"2025-08-23T12:12:31","slug":"presse","status":"publish","type":"page","link":"https:\/\/cinelefoyer.fr\/index.php\/presse\/","title":{"rendered":"Presse"},"content":{"rendered":"\n\n<div class=\"su-posts su-posts-default-loop \">\n\n\t\n\t\t\t\t\t\n\t\t\t\n\t\t\t<div id=\"su-post-5009\" class=\"su-post \">\n\n\t\t\t\t\t\t\t\t\t<a class=\"su-post-thumbnail\" href=\"https:\/\/cinelefoyer.fr\/index.php\/2024\/01\/08\/la-voix-du-nord-8-janvier-2024\/\"><img width=\"864\" height=\"486\" src=\"https:\/\/cinelefoyer.fr\/wp-content\/uploads\/2025\/08\/10284080.jpeg\" class=\"attachment-post-thumbnail size-post-thumbnail wp-post-image\" alt=\"\" decoding=\"async\" srcset=\"https:\/\/cinelefoyer.fr\/wp-content\/uploads\/2025\/08\/10284080.jpeg 864w, https:\/\/cinelefoyer.fr\/wp-content\/uploads\/2025\/08\/10284080-300x169.jpeg 300w, https:\/\/cinelefoyer.fr\/wp-content\/uploads\/2025\/08\/10284080-768x432.jpeg 768w\" sizes=\"(max-width: 864px) 100vw, 864px\" \/><\/a>\n\t\t\t\t\n\t\t\t\t<h2 class=\"su-post-title\"><a href=\"https:\/\/cinelefoyer.fr\/index.php\/2024\/01\/08\/la-voix-du-nord-8-janvier-2024\/\">La Voix du Nord &#8211; 8 janvier 2024<\/a><\/h2>\n\n\t\t\t\t<div class=\"su-post-meta\">\n\t\t\t\t\tPubli\u00e9: 8 janvier 2024\t\t\t\t<\/div>\n\n\t\t\t\t<div class=\"su-post-excerpt\">\n\t\t\t\t\t<p>\u00ab\u00a0Rien \u00e0 perdre\u00a0\u00bb, avec \u00e0 l\u2019affiche Virginie Efira et un jeune Wervicquois, projet\u00e9 ce week-end au Foyer, \u00e0 Bousbecque \u00ab\u00a0Rien \u00e0 perdre\u00a0\u00bb, un long-m\u00e9trage avec &hellip; <\/p>\n\t\t\t\t<\/div>\n\n\t\t\t\t\n\t\t\t<\/div>\n\n\t\t\t\t\t\n\t\t\t\n\t\t\t<div id=\"su-post-5022\" class=\"su-post \">\n\n\t\t\t\t\t\t\t\t\t<a class=\"su-post-thumbnail\" href=\"https:\/\/cinelefoyer.fr\/index.php\/2020\/06\/25\/la-voix-du-nord-25-juin-2020\/\"><img width=\"736\" height=\"414\" src=\"https:\/\/cinelefoyer.fr\/wp-content\/uploads\/2025\/08\/B9723832043Z.1_20200625184004_000GFSG7RBT2.1-0.jpg\" class=\"attachment-post-thumbnail size-post-thumbnail wp-post-image\" alt=\"\" decoding=\"async\" srcset=\"https:\/\/cinelefoyer.fr\/wp-content\/uploads\/2025\/08\/B9723832043Z.1_20200625184004_000GFSG7RBT2.1-0.jpg 736w, https:\/\/cinelefoyer.fr\/wp-content\/uploads\/2025\/08\/B9723832043Z.1_20200625184004_000GFSG7RBT2.1-0-300x169.jpg 300w\" sizes=\"(max-width: 736px) 100vw, 736px\" \/><\/a>\n\t\t\t\t\n\t\t\t\t<h2 class=\"su-post-title\"><a href=\"https:\/\/cinelefoyer.fr\/index.php\/2020\/06\/25\/la-voix-du-nord-25-juin-2020\/\">La Voix du Nord &#8211; 25 juin 2020<\/a><\/h2>\n\n\t\t\t\t<div class=\"su-post-meta\">\n\t\t\t\t\tPubli\u00e9: 25 juin 2020\t\t\t\t<\/div>\n\n\t\t\t\t<div class=\"su-post-excerpt\">\n\t\t\t\t\t<p>Fifi Caron, un \u00ab allum\u00e9 r\u00e9aliste \u00bb heureux de rouvrir le cin\u00e9ma Le foyer \u00e0 Bousbecque Ils sont heureux de retrouver leur public. Philippe Caron, &hellip; <\/p>\n\t\t\t\t<\/div>\n\n\t\t\t\t\n\t\t\t<\/div>\n\n\t\t\t\t\t\n\t\t\t\n\t\t\t<div id=\"su-post-5035\" class=\"su-post \">\n\n\t\t\t\t\t\t\t\t\t<a class=\"su-post-thumbnail\" href=\"https:\/\/cinelefoyer.fr\/index.php\/2020\/06\/22\/france-3-hauts-de-france-22-juin-2020\/\"><img width=\"1251\" height=\"665\" src=\"https:\/\/cinelefoyer.fr\/wp-content\/uploads\/2025\/08\/2025-08-23_14h31_39.png\" class=\"attachment-post-thumbnail size-post-thumbnail wp-post-image\" alt=\"\" decoding=\"async\" srcset=\"https:\/\/cinelefoyer.fr\/wp-content\/uploads\/2025\/08\/2025-08-23_14h31_39.png 1251w, https:\/\/cinelefoyer.fr\/wp-content\/uploads\/2025\/08\/2025-08-23_14h31_39-300x159.png 300w, https:\/\/cinelefoyer.fr\/wp-content\/uploads\/2025\/08\/2025-08-23_14h31_39-1024x544.png 1024w, https:\/\/cinelefoyer.fr\/wp-content\/uploads\/2025\/08\/2025-08-23_14h31_39-768x408.png 768w\" sizes=\"(max-width: 1251px) 100vw, 1251px\" \/><\/a>\n\t\t\t\t\n\t\t\t\t<h2 class=\"su-post-title\"><a href=\"https:\/\/cinelefoyer.fr\/index.php\/2020\/06\/22\/france-3-hauts-de-france-22-juin-2020\/\">France 3 Hauts-de-France &#8211; 22 juin 2020<\/a><\/h2>\n\n\t\t\t\t<div class=\"su-post-meta\">\n\t\t\t\t\tPubli\u00e9: 22 juin 2020\t\t\t\t<\/div>\n\n\t\t\t\t<div class=\"su-post-excerpt\">\n\t\t\t\t\t<p>Cin\u00e9ma d\u00e9confin\u00e9 : portrait d&rsquo;un g\u00e9rant de petit cin\u00e9ma \u00e0 Bousbecque Apr\u00e8s 3 mois d&rsquo;arr\u00eat, la grande majorit\u00e9 des 2000 cin\u00e9mas de France va \u00e0 &hellip; <\/p>\n\t\t\t\t<\/div>\n\n\t\t\t\t\n\t\t\t<\/div>\n\n\t\t\t\t\t\n\t\t\t\n\t\t\t<div id=\"su-post-5025\" class=\"su-post \">\n\n\t\t\t\t\t\t\t\t\t<a class=\"su-post-thumbnail\" href=\"https:\/\/cinelefoyer.fr\/index.php\/2020\/06\/22\/france-3-region-hauts-de-france-22-juin-2020\/\"><img width=\"930\" height=\"620\" src=\"https:\/\/cinelefoyer.fr\/wp-content\/uploads\/2025\/08\/5ef073479f665_105528622_903925800019473_8810180918741091421_n-4888482.webp\" class=\"attachment-post-thumbnail size-post-thumbnail wp-post-image\" alt=\"\" decoding=\"async\" srcset=\"https:\/\/cinelefoyer.fr\/wp-content\/uploads\/2025\/08\/5ef073479f665_105528622_903925800019473_8810180918741091421_n-4888482.webp 930w, https:\/\/cinelefoyer.fr\/wp-content\/uploads\/2025\/08\/5ef073479f665_105528622_903925800019473_8810180918741091421_n-4888482-300x200.webp 300w, https:\/\/cinelefoyer.fr\/wp-content\/uploads\/2025\/08\/5ef073479f665_105528622_903925800019473_8810180918741091421_n-4888482-768x512.webp 768w\" sizes=\"(max-width: 930px) 100vw, 930px\" \/><\/a>\n\t\t\t\t\n\t\t\t\t<h2 class=\"su-post-title\"><a href=\"https:\/\/cinelefoyer.fr\/index.php\/2020\/06\/22\/france-3-region-hauts-de-france-22-juin-2020\/\">France 3 r\u00e9gion Hauts de France &#8211; 22 juin 2020<\/a><\/h2>\n\n\t\t\t\t<div class=\"su-post-meta\">\n\t\t\t\t\tPubli\u00e9: 22 juin 2020\t\t\t\t<\/div>\n\n\t\t\t\t<div class=\"su-post-excerpt\">\n\t\t\t\t\t<p>D\u00e9confinement : \u00e0 Bousbecque, le Foyer s&rsquo;appr\u00eate \u00e0 rouvrir, comme tous les petits cin\u00e9mas Apr\u00e8s trois mois d&rsquo;arr\u00eat, les cin\u00e9mas vont \u00e0 nouveau proposer des &hellip; <\/p>\n\t\t\t\t<\/div>\n\n\t\t\t\t\n\t\t\t<\/div>\n\n\t\t\t\t\t\n\t\t\t\n\t\t\t<div id=\"su-post-5032\" class=\"su-post \">\n\n\t\t\t\t\t\t\t\t\t<a class=\"su-post-thumbnail\" href=\"https:\/\/cinelefoyer.fr\/index.php\/2019\/11\/30\/tf1-30-novembre-2019\/\"><img width=\"1908\" height=\"1027\" src=\"https:\/\/cinelefoyer.fr\/wp-content\/uploads\/2025\/08\/2025-08-23_14h23_03.png\" class=\"attachment-post-thumbnail size-post-thumbnail wp-post-image\" alt=\"\" decoding=\"async\" srcset=\"https:\/\/cinelefoyer.fr\/wp-content\/uploads\/2025\/08\/2025-08-23_14h23_03.png 1908w, https:\/\/cinelefoyer.fr\/wp-content\/uploads\/2025\/08\/2025-08-23_14h23_03-300x161.png 300w, https:\/\/cinelefoyer.fr\/wp-content\/uploads\/2025\/08\/2025-08-23_14h23_03-1024x551.png 1024w, https:\/\/cinelefoyer.fr\/wp-content\/uploads\/2025\/08\/2025-08-23_14h23_03-768x413.png 768w, https:\/\/cinelefoyer.fr\/wp-content\/uploads\/2025\/08\/2025-08-23_14h23_03-1536x827.png 1536w, https:\/\/cinelefoyer.fr\/wp-content\/uploads\/2025\/08\/2025-08-23_14h23_03-1320x711.png 1320w\" sizes=\"(max-width: 1908px) 100vw, 1908px\" \/><\/a>\n\t\t\t\t\n\t\t\t\t<h2 class=\"su-post-title\"><a href=\"https:\/\/cinelefoyer.fr\/index.php\/2019\/11\/30\/tf1-30-novembre-2019\/\">TF1 &#8211; 30 novembre 2019<\/a><\/h2>\n\n\t\t\t\t<div class=\"su-post-meta\">\n\t\t\t\t\tPubli\u00e9: 30 novembre 2019\t\t\t\t<\/div>\n\n\t\t\t\t<div class=\"su-post-excerpt\">\n\t\t\t\t\t<p>Le 20h &#8211; LeMag avec Fifi et Chantal, le foyer du cin\u00e9ma On vous emm\u00e8ne \u00e0 Bousbecque, \u00e0 la rencontre de Fifi et Chantal, 2 &hellip; <\/p>\n\t\t\t\t<\/div>\n\n\t\t\t\t\n\t\t\t<\/div>\n\n\t\t\t\t\t\n\t\t\t\n\t\t\t<div id=\"su-post-5028\" class=\"su-post \">\n\n\t\t\t\t\t\t\t\t\t<a class=\"su-post-thumbnail\" href=\"https:\/\/cinelefoyer.fr\/index.php\/2019\/10\/17\/la-croix-17-octobre-2019\/\"><img width=\"836\" height=\"557\" src=\"https:\/\/cinelefoyer.fr\/wp-content\/uploads\/2025\/08\/cinema-propose-trois-films-semaine_0.webp\" class=\"attachment-post-thumbnail size-post-thumbnail wp-post-image\" alt=\"\" decoding=\"async\" srcset=\"https:\/\/cinelefoyer.fr\/wp-content\/uploads\/2025\/08\/cinema-propose-trois-films-semaine_0.webp 836w, https:\/\/cinelefoyer.fr\/wp-content\/uploads\/2025\/08\/cinema-propose-trois-films-semaine_0-300x200.webp 300w, https:\/\/cinelefoyer.fr\/wp-content\/uploads\/2025\/08\/cinema-propose-trois-films-semaine_0-768x512.webp 768w, https:\/\/cinelefoyer.fr\/wp-content\/uploads\/2025\/08\/cinema-propose-trois-films-semaine_0-700x465.webp 700w\" sizes=\"(max-width: 836px) 100vw, 836px\" \/><\/a>\n\t\t\t\t\n\t\t\t\t<h2 class=\"su-post-title\"><a href=\"https:\/\/cinelefoyer.fr\/index.php\/2019\/10\/17\/la-croix-17-octobre-2019\/\">La croix &#8211; 17 octobre 2019<\/a><\/h2>\n\n\t\t\t\t<div class=\"su-post-meta\">\n\t\t\t\t\tPubli\u00e9: 17 octobre 2019\t\t\t\t<\/div>\n\n\t\t\t\t<div class=\"su-post-excerpt\">\n\t\t\t\t\t<p>Au \u00ab\u2009Foyer\u2009\u00bb, les b\u00e9n\u00e9voles font vraiment leur cin\u00e9ma Hier paroissial, aujourd\u2019hui cin\u00e9ma d\u2019art et essai, \u00ab\u00a0Le Foyer\u00a0\u00bb existe depuis 1937 \u00e0 Bousbecque (Nord). Une trentaine &hellip; <\/p>\n\t\t\t\t<\/div>\n\n\t\t\t\t\n\t\t\t<\/div>\n\n\t\t\t\t\t\n\t\t\t\n\t\t\t<div id=\"su-post-5006\" class=\"su-post \">\n\n\t\t\t\t\t\t\t\t\t<a class=\"su-post-thumbnail\" href=\"https:\/\/cinelefoyer.fr\/index.php\/2017\/01\/01\/la-voix-du-nord-1-janvier-2017\/\"><img width=\"736\" height=\"414\" src=\"https:\/\/cinelefoyer.fr\/wp-content\/uploads\/2025\/08\/B9710655911Z.1_20170101172219_000GIK884CA0.1-0.jpg\" class=\"attachment-post-thumbnail size-post-thumbnail wp-post-image\" alt=\"\" decoding=\"async\" srcset=\"https:\/\/cinelefoyer.fr\/wp-content\/uploads\/2025\/08\/B9710655911Z.1_20170101172219_000GIK884CA0.1-0.jpg 736w, https:\/\/cinelefoyer.fr\/wp-content\/uploads\/2025\/08\/B9710655911Z.1_20170101172219_000GIK884CA0.1-0-300x169.jpg 300w\" sizes=\"(max-width: 736px) 100vw, 736px\" \/><\/a>\n\t\t\t\t\n\t\t\t\t<h2 class=\"su-post-title\"><a href=\"https:\/\/cinelefoyer.fr\/index.php\/2017\/01\/01\/la-voix-du-nord-1-janvier-2017\/\">La Voix du Nord &#8211; 1 janvier 2017<\/a><\/h2>\n\n\t\t\t\t<div class=\"su-post-meta\">\n\t\t\t\t\tPubli\u00e9: 1 janvier 2017\t\t\t\t<\/div>\n\n\t\t\t\t<div class=\"su-post-excerpt\">\n\t\t\t\t\t<p>En 2017, le cin\u00e9ma Le Foyer f\u00eate ses 80 ans Hier cin\u00e9ma paroissial, aujourd\u2019hui class\u00e9 \u00ab\u00a0Art et essai\u00a0\u00bb, Le Foyer a ouvert ses portes en &hellip; <\/p>\n\t\t\t\t<\/div>\n\n\t\t\t\t\n\t\t\t<\/div>\n\n\t\t\t\t\t\n\t\t\t\n\t\t\t<div id=\"su-post-5044\" class=\"su-post \">\n\n\t\t\t\t\t\t\t\t\t<a class=\"su-post-thumbnail\" href=\"https:\/\/cinelefoyer.fr\/index.php\/2015\/09\/07\/la-voix-du-nord-7-septembre-2015\/\"><img width=\"882\" height=\"792\" src=\"https:\/\/cinelefoyer.fr\/wp-content\/uploads\/2025\/08\/travaux-2015.png\" class=\"attachment-post-thumbnail size-post-thumbnail wp-post-image\" alt=\"\" decoding=\"async\" srcset=\"https:\/\/cinelefoyer.fr\/wp-content\/uploads\/2025\/08\/travaux-2015.png 882w, https:\/\/cinelefoyer.fr\/wp-content\/uploads\/2025\/08\/travaux-2015-300x269.png 300w, https:\/\/cinelefoyer.fr\/wp-content\/uploads\/2025\/08\/travaux-2015-768x690.png 768w\" sizes=\"(max-width: 882px) 100vw, 882px\" \/><\/a>\n\t\t\t\t\n\t\t\t\t<h2 class=\"su-post-title\"><a href=\"https:\/\/cinelefoyer.fr\/index.php\/2015\/09\/07\/la-voix-du-nord-7-septembre-2015\/\">La Voix du Nord &#8211; 7 septembre 2015<\/a><\/h2>\n\n\t\t\t\t<div class=\"su-post-meta\">\n\t\t\t\t\tPubli\u00e9: 7 septembre 2015\t\t\t\t<\/div>\n\n\t\t\t\t<div class=\"su-post-excerpt\">\n\t\t\t\t\t<p>Le cin\u00e9ma bient\u00f4t en travaux, pour plus de s\u00e9curit\u00e9 et d&rsquo;accessibilit\u00e9 D&rsquo;ici la fin de l&rsquo;ann\u00e9e des travaux de mise en s\u00e9curit\u00e9, avec une nouvelle &hellip; <\/p>\n\t\t\t\t<\/div>\n\n\t\t\t\t\n\t\t\t<\/div>\n\n\t\t\t\t\t\n\t\t\t\n\t\t\t<div id=\"su-post-5038\" class=\"su-post \">\n\n\t\t\t\t\t\t\t\t\t<a class=\"su-post-thumbnail\" href=\"https:\/\/cinelefoyer.fr\/index.php\/2001\/06\/23\/la-voix-du-nord-juin-2001\/\"><img width=\"813\" height=\"537\" src=\"https:\/\/cinelefoyer.fr\/wp-content\/uploads\/2025\/08\/2025-08-23_09h44_08.png\" class=\"attachment-post-thumbnail size-post-thumbnail wp-post-image\" alt=\"\" decoding=\"async\" srcset=\"https:\/\/cinelefoyer.fr\/wp-content\/uploads\/2025\/08\/2025-08-23_09h44_08.png 813w, https:\/\/cinelefoyer.fr\/wp-content\/uploads\/2025\/08\/2025-08-23_09h44_08-300x198.png 300w, https:\/\/cinelefoyer.fr\/wp-content\/uploads\/2025\/08\/2025-08-23_09h44_08-768x507.png 768w\" sizes=\"(max-width: 813px) 100vw, 813px\" \/><\/a>\n\t\t\t\t\n\t\t\t\t<h2 class=\"su-post-title\"><a href=\"https:\/\/cinelefoyer.fr\/index.php\/2001\/06\/23\/la-voix-du-nord-juin-2001\/\">La Voix du nord &#8211; juin 2001<\/a><\/h2>\n\n\t\t\t\t<div class=\"su-post-meta\">\n\t\t\t\t\tPubli\u00e9: 23 juin 2001\t\t\t\t<\/div>\n\n\t\t\t\t<div class=\"su-post-excerpt\">\n\t\t\t\t\t<p>Bousbecque : le \u00ab\u00a0cinoche\u00a0\u00bb des b\u00e9n\u00e9voles Dans cette commune frontali\u00e8re pr\u00e8s de Tourcoing, la F\u00eate du cin\u00e9ma est d&rsquo;abord celle des cinquante b\u00e9n\u00e9voles qui ont &hellip; <\/p>\n\t\t\t\t<\/div>\n\n\t\t\t\t\n\t\t\t<\/div>\n\n\t\t\n\t\n<\/div>\n\n","protected":false},"excerpt":{"rendered":"","protected":false},"author":2,"featured_media":0,"parent":0,"menu_order":0,"comment_status":"closed","ping_status":"closed","template":"","meta":{"_mi_skip_tracking":false,"_exactmetrics_sitenote_active":false,"_exactmetrics_sitenote_note":"","_exactmetrics_sitenote_category":0,"footnotes":""},"_links":{"self":[{"href":"https:\/\/cinelefoyer.fr\/index.php\/wp-json\/wp\/v2\/pages\/3995"}],"collection":[{"href":"https:\/\/cinelefoyer.fr\/index.php\/wp-json\/wp\/v2\/pages"}],"about":[{"href":"https:\/\/cinelefoyer.fr\/index.php\/wp-json\/wp\/v2\/types\/page"}],"author":[{"embeddable":true,"href":"https:\/\/cinelefoyer.fr\/index.php\/wp-json\/wp\/v2\/users\/2"}],"replies":[{"embeddable":true,"href":"https:\/\/cinelefoyer.fr\/index.php\/wp-json\/wp\/v2\/comments?post=3995"}],"version-history":[{"count":8,"href":"https:\/\/cinelefoyer.fr\/index.php\/wp-json\/wp\/v2\/pages\/3995\/revisions"}],"predecessor-version":[{"id":5031,"href":"https:\/\/cinelefoyer.fr\/index.php\/wp-json\/wp\/v2\/pages\/3995\/revisions\/5031"}],"wp:attachment":[{"href":"https:\/\/cinelefoyer.fr\/index.php\/wp-json\/wp\/v2\/media?parent=3995"}],"curies":[{"name":"wp","href":"https:\/\/api.w.org\/{rel}","templated":true}]}}